{"id":9015,"date":"2024-10-22T18:52:28","date_gmt":"2024-10-22T16:52:28","guid":{"rendered":"https:\/\/esatic.ci\/?page_id=9015"},"modified":"2026-03-18T13:38:52","modified_gmt":"2026-03-18T13:38:52","slug":"a-word-from-the-ceo","status":"publish","type":"page","link":"https:\/\/esatic.ci\/en\/a-word-from-the-ceo\/","title":{"rendered":"Message from the General Manager"},"content":{"rendered":"<div data-elementor-type=\"wp-page\" data-elementor-id=\"9015\" class=\"elementor elementor-9015\" data-elementor-post-type=\"page\">\n\t\t\t\t<div class=\"elementor-element elementor-element-24288328 e-con-full e-flex wpr-particle-no wpr-jarallax-no wpr-parallax-no wpr-sticky-section-no e-con e-parent\" data-id=\"24288328\" data-element_type=\"container\">\n\t\t<div class=\"elementor-element elementor-element-7ddebc7b e-flex e-con-boxed wpr-particle-no wpr-jarallax-no wpr-parallax-no wpr-sticky-section-no elementor-invisible e-con e-child\" data-id=\"7ddebc7b\" data-element_type=\"container\" data-settings=\"{&quot;background_background&quot;:&quot;classic&quot;,&quot;animation&quot;:&quot;zoomIn&quot;}\">\n\t\t\t\t\t<div class=\"e-con-inner\">\n\t\t<div class=\"elementor-element elementor-element-5fbf2b9d e-con-full e-flex wpr-particle-no wpr-jarallax-no wpr-parallax-no wpr-sticky-section-no e-con e-child\" data-id=\"5fbf2b9d\" data-element_type=\"container\">\n\t\t\t\t<div class=\"elementor-element elementor-element-7789dc21 elementor-widget elementor-widget-image\" data-id=\"7789dc21\" data-element_type=\"widget\" data-widget_type=\"image.default\">\n\t\t\t\t<div class=\"elementor-widget-container\">\n\t\t\t\t\t\t\t\t\t\t\t\t\t<img fetchpriority=\"high\" decoding=\"async\" width=\"1398\" height=\"1398\" src=\"https:\/\/esatic.ci\/wp-content\/uploads\/2026\/02\/Directeur-General-de-ESATIC.jpg\" class=\"attachment-full size-full wp-image-13459\" alt=\"\" srcset=\"https:\/\/esatic.ci\/wp-content\/uploads\/2026\/02\/Directeur-General-de-ESATIC.jpg 1398w, https:\/\/esatic.ci\/wp-content\/uploads\/2026\/02\/Directeur-General-de-ESATIC-300x300.jpg 300w, https:\/\/esatic.ci\/wp-content\/uploads\/2026\/02\/Directeur-General-de-ESATIC-1024x1024.jpg 1024w, https:\/\/esatic.ci\/wp-content\/uploads\/2026\/02\/Directeur-General-de-ESATIC-150x150.jpg 150w, https:\/\/esatic.ci\/wp-content\/uploads\/2026\/02\/Directeur-General-de-ESATIC-768x768.jpg 768w, https:\/\/esatic.ci\/wp-content\/uploads\/2026\/02\/Directeur-General-de-ESATIC-12x12.jpg 12w, https:\/\/esatic.ci\/wp-content\/uploads\/2026\/02\/Directeur-General-de-ESATIC-500x500.jpg 500w, https:\/\/esatic.ci\/wp-content\/uploads\/2026\/02\/Directeur-General-de-ESATIC-1320x1320.jpg 1320w\" sizes=\"(max-width: 1398px) 100vw, 1398px\">\t\t\t\t\t\t\t\t\t\t\t\t\t<\/div>\n\t\t\t\t<\/div>\n\t\t\t\t<\/div>\n\t\t<div class=\"elementor-element elementor-element-4f5345e4 e-flex e-con-boxed wpr-particle-no wpr-jarallax-no wpr-parallax-no wpr-sticky-section-no e-con e-child\" data-id=\"4f5345e4\" data-element_type=\"container\">\n\t\t\t\t\t<div class=\"e-con-inner\">\n\t\t\t\t<div class=\"elementor-element elementor-element-2c9e91ab elementor-widget-divider--view-line elementor-widget elementor-widget-divider\" data-id=\"2c9e91ab\" data-element_type=\"widget\" data-widget_type=\"divider.default\">\n\t\t\t\t<div class=\"elementor-widget-container\">\n\t\t\t\t\t<div class=\"elementor-divider\">\n\t\t\t<span class=\"elementor-divider-separator\">\n\t\t\t\t\t\t<\/span>\n\t\t<\/div>\n\t\t\t\t<\/div>\n\t\t\t\t<\/div>\n\t\t\t\t<div class=\"elementor-element elementor-element-11cc8303 elementor-widget elementor-widget-heading\" data-id=\"11cc8303\" data-element_type=\"widget\" data-widget_type=\"heading.default\">\n\t\t\t\t<div class=\"elementor-widget-container\">\n\t\t\t<h5 class=\"elementor-heading-title elementor-size-default\">Prof KONATE Adama<\/h5>\t\t<\/div>\n\t\t\t\t<\/div>\n\t\t\t\t<div class=\"elementor-element elementor-element-388a69e elementor-widget elementor-widget-text-editor\" data-id=\"388a69e\" data-element_type=\"widget\" data-widget_type=\"text-editor.default\">\n\t\t\t\t<div class=\"elementor-widget-container\">\n\t\t\t\t\t\t\t<p>Director General of ESATIC<\/p>\t\t\t\t\t\t<\/div>\n\t\t\t\t<\/div>\n\t\t\t\t<div class=\"elementor-element elementor-element-37db405 elementor-widget elementor-widget-text-editor\" data-id=\"37db405\" data-element_type=\"widget\" data-widget_type=\"text-editor.default\">\n\t\t\t\t<div class=\"elementor-widget-container\">\n\t\t\t\t\t\t\t<p>The Ecole Sup\u00e9rieure Africaine des Technologies de l'Information et de la Communication (ESATIC) remains true to its primary mission: to train engineers, managers and experts capable of supporting the digital transformation of C\u00f4te d'Ivoire and the African continent.<\/p>\t\t\t\t\t\t<\/div>\n\t\t\t\t<\/div>\n\t\t\t\t<div class=\"elementor-element elementor-element-2fa5e86e elementor-widget__width-inherit wpr-button-icon-style-inline wpr-button-icon-position-right elementor-widget elementor-widget-wpr-button\" data-id=\"2fa5e86e\" data-element_type=\"widget\" data-widget_type=\"wpr-button.default\">\n\t\t\t\t<div class=\"elementor-widget-container\">\n\t\t\t\t\n\t\t\t\n\t\t\n\t\t<div class=\"wpr-button-wrap elementor-clearfix\">\n\t\t<a class=\"wpr-button wpr-button-effect wpr-button-none\" data-text=\"Go\" href=\"https:\/\/esatic.ci\/biographie\">\n\t\t\t\n\t\t\t<span class=\"wpr-button-content\">\n\t\t\t\t\t\t\t\t\t<span class=\"wpr-button-text\">Biography<\/span>\n\t\t\t\t\t\t\t\t\n\t\t\t\t\t\t\t\t\t<span class=\"wpr-button-icon\"><svg class=\"e-font-icon-svg e-fas-chevron-right\" viewbox=\"0 0 320 512\" xmlns=\"http:\/\/www.w3.org\/2000\/svg\"><path d=\"M285.476 272.971L91.132 467.314c-9.373 9.373-24.569 9.373-33.941 0l-22.667-22.667c-9.357-9.357-9.375-24.522-.04-33.901L188.505 256 34.484 101.255c-9.335-9.379-9.317-24.544.04-33.901l22.667-22.667c9.373-9.373 24.569-9.373 33.941 0L285.475 239.03c9.373 9.372 9.373 24.568.001 33.941z\"><\/path><\/svg><\/span>\n\t\t\t\t\t\t\t<\/span>\n\t\t<\/a>\n\n\t\t\t\t<\/div>\n\t\n\t\n\t\t\t<\/div>\n\t\t\t\t<\/div>\n\t\t\t\t\t<\/div>\n\t\t\t\t<\/div>\n\t\t\t\t\t<\/div>\n\t\t\t\t<\/div>\n\t\t\t\t<\/div>\n\t\t\t\t<\/div>","protected":false},"excerpt":{"rendered":"<p>Prof KONATE Adama Directeur G\u00e9n\u00e9ral de l&rsquo;ESATIC L\u2019\u00c9cole Sup\u00e9rieure Africaine des Technologies de l\u2019Information et de la Communication (ESATIC) demeure fid\u00e8le \u00e0 sa mission premi\u00e8re : former des ing\u00e9nieurs, cadres et experts capables d\u2019accompagner la transformation num\u00e9rique de la C\u00f4te d\u2019Ivoire et du continent africain. Biographie<\/p>","protected":false},"author":1,"featured_media":0,"parent":0,"menu_order":0,"comment_status":"closed","ping_status":"closed","template":"","meta":{"footnotes":""},"class_list":["post-9015","page","type-page","status-publish","hentry"],"featured_image_src":null,"yoast_head":"<!-- This site is optimized with the Yoast SEO plugin v27.5 - https:\/\/yoast.com\/product\/yoast-seo-wordpress\/ -->\n<title>Mot du Directeur G\u00e9n\u00e9ral<\/title>\n<meta name=\"robots\" content=\"index, follow, max-snippet:-1, max-image-preview:large, max-video-preview:-1\" \/>\n<link rel=\"canonical\" href=\"https:\/\/esatic.ci\/en\/a-word-from-the-ceo\/\" \/>\n<meta property=\"og:locale\" content=\"en_US\" \/>\n<meta property=\"og:type\" content=\"article\" \/>\n<meta property=\"og:title\" content=\"Mot du Directeur G\u00e9n\u00e9ral\" \/>\n<meta property=\"og:description\" content=\"Prof KONATE Adama Directeur G\u00e9n\u00e9ral de l&rsquo;ESATIC L\u2019\u00c9cole Sup\u00e9rieure Africaine des Technologies de l\u2019Information et de la Communication (ESATIC) demeure fid\u00e8le \u00e0 sa mission premi\u00e8re : former des ing\u00e9nieurs, cadres et experts capables d\u2019accompagner la transformation num\u00e9rique de la C\u00f4te d\u2019Ivoire et du continent africain. Biographie\" \/>\n<meta property=\"og:url\" content=\"https:\/\/esatic.ci\/en\/a-word-from-the-ceo\/\" \/>\n<meta property=\"og:site_name\" content=\"ESATIC\" \/>\n<meta property=\"article:publisher\" content=\"https:\/\/www.facebook.com\/EsaticOfficielle\/?locale=fr_FR\" \/>\n<meta property=\"article:modified_time\" content=\"2026-03-18T13:38:52+00:00\" \/>\n<meta property=\"og:image\" content=\"https:\/\/esatic.ci\/wp-content\/uploads\/2026\/02\/Directeur-General-de-ESATIC.jpg\" \/>\n<meta name=\"twitter:card\" content=\"summary_large_image\" \/>\n<meta name=\"twitter:label1\" content=\"Est. reading time\" \/>\n\t<meta name=\"twitter:data1\" content=\"2 minutes\" \/>\n<script type=\"application\/ld+json\" class=\"yoast-schema-graph\">{\"@context\":\"https:\\\/\\\/schema.org\",\"@graph\":[{\"@type\":\"WebPage\",\"@id\":\"https:\\\/\\\/esatic.ci\\\/mot-du-dg\\\/\",\"url\":\"https:\\\/\\\/esatic.ci\\\/mot-du-dg\\\/\",\"name\":\"Mot du Directeur G\u00e9n\u00e9ral\",\"isPartOf\":{\"@id\":\"https:\\\/\\\/esatic.ci\\\/#website\"},\"primaryImageOfPage\":{\"@id\":\"https:\\\/\\\/esatic.ci\\\/mot-du-dg\\\/#primaryimage\"},\"image\":{\"@id\":\"https:\\\/\\\/esatic.ci\\\/mot-du-dg\\\/#primaryimage\"},\"thumbnailUrl\":\"https:\\\/\\\/esatic.ci\\\/wp-content\\\/uploads\\\/2026\\\/02\\\/Directeur-General-de-ESATIC.jpg\",\"datePublished\":\"2024-10-22T16:52:28+00:00\",\"dateModified\":\"2026-03-18T13:38:52+00:00\",\"breadcrumb\":{\"@id\":\"https:\\\/\\\/esatic.ci\\\/mot-du-dg\\\/#breadcrumb\"},\"inLanguage\":\"en-US\",\"potentialAction\":[{\"@type\":\"ReadAction\",\"target\":[\"https:\\\/\\\/esatic.ci\\\/mot-du-dg\\\/\"]}]},{\"@type\":\"ImageObject\",\"inLanguage\":\"en-US\",\"@id\":\"https:\\\/\\\/esatic.ci\\\/mot-du-dg\\\/#primaryimage\",\"url\":\"https:\\\/\\\/esatic.ci\\\/wp-content\\\/uploads\\\/2026\\\/02\\\/Directeur-General-de-ESATIC.jpg\",\"contentUrl\":\"https:\\\/\\\/esatic.ci\\\/wp-content\\\/uploads\\\/2026\\\/02\\\/Directeur-General-de-ESATIC.jpg\"},{\"@type\":\"BreadcrumbList\",\"@id\":\"https:\\\/\\\/esatic.ci\\\/mot-du-dg\\\/#breadcrumb\",\"itemListElement\":[{\"@type\":\"ListItem\",\"position\":1,\"name\":\"Accueil\",\"item\":\"https:\\\/\\\/esatic.ci\\\/\"},{\"@type\":\"ListItem\",\"position\":2,\"name\":\"Mot du Directeur G\u00e9n\u00e9ral\"}]},{\"@type\":\"WebSite\",\"@id\":\"https:\\\/\\\/esatic.ci\\\/#website\",\"url\":\"https:\\\/\\\/esatic.ci\\\/\",\"name\":\"ESATIC\",\"description\":\"Ecole Sup\u00e9rieure Africaine des Technologies de l&#039;Information et de la Communication\",\"publisher\":{\"@id\":\"https:\\\/\\\/esatic.ci\\\/#organization\"},\"potentialAction\":[{\"@type\":\"SearchAction\",\"target\":{\"@type\":\"EntryPoint\",\"urlTemplate\":\"https:\\\/\\\/esatic.ci\\\/?s={search_term_string}\"},\"query-input\":{\"@type\":\"PropertyValueSpecification\",\"valueRequired\":true,\"valueName\":\"search_term_string\"}}],\"inLanguage\":\"en-US\"},{\"@type\":\"Organization\",\"@id\":\"https:\\\/\\\/esatic.ci\\\/#organization\",\"name\":\"ESATIC\",\"url\":\"https:\\\/\\\/esatic.ci\\\/\",\"logo\":{\"@type\":\"ImageObject\",\"inLanguage\":\"en-US\",\"@id\":\"https:\\\/\\\/esatic.ci\\\/#\\\/schema\\\/logo\\\/image\\\/\",\"url\":\"https:\\\/\\\/esatic.ci\\\/wp-content\\\/uploads\\\/2024\\\/10\\\/presentation_esatic.jpg\",\"contentUrl\":\"https:\\\/\\\/esatic.ci\\\/wp-content\\\/uploads\\\/2024\\\/10\\\/presentation_esatic.jpg\",\"width\":1043,\"height\":418,\"caption\":\"ESATIC\"},\"image\":{\"@id\":\"https:\\\/\\\/esatic.ci\\\/#\\\/schema\\\/logo\\\/image\\\/\"},\"sameAs\":[\"https:\\\/\\\/www.facebook.com\\\/EsaticOfficielle\\\/?locale=fr_FR\",\"https:\\\/\\\/www.linkedin.com\\\/school\\\/esaticofficielle\"]}]}<\/script>\n<!-- \/ Yoast SEO plugin. -->","yoast_head_json":{"title":"Message from the General Manager","robots":{"index":"index","follow":"follow","max-snippet":"max-snippet:-1","max-image-preview":"max-image-preview:large","max-video-preview":"max-video-preview:-1"},"canonical":"https:\/\/esatic.ci\/en\/a-word-from-the-ceo\/","og_locale":"en_US","og_type":"article","og_title":"Mot du Directeur G\u00e9n\u00e9ral","og_description":"Prof KONATE Adama Directeur G\u00e9n\u00e9ral de l&rsquo;ESATIC L\u2019\u00c9cole Sup\u00e9rieure Africaine des Technologies de l\u2019Information et de la Communication (ESATIC) demeure fid\u00e8le \u00e0 sa mission premi\u00e8re : former des ing\u00e9nieurs, cadres et experts capables d\u2019accompagner la transformation num\u00e9rique de la C\u00f4te d\u2019Ivoire et du continent africain. Biographie","og_url":"https:\/\/esatic.ci\/en\/a-word-from-the-ceo\/","og_site_name":"ESATIC","article_publisher":"https:\/\/www.facebook.com\/EsaticOfficielle\/?locale=fr_FR","article_modified_time":"2026-03-18T13:38:52+00:00","og_image":[{"url":"https:\/\/esatic.ci\/wp-content\/uploads\/2026\/02\/Directeur-General-de-ESATIC.jpg","type":"","width":"","height":""}],"twitter_card":"summary_large_image","twitter_misc":{"Est. reading time":"2 minutes"},"schema":{"@context":"https:\/\/schema.org","@graph":[{"@type":"WebPage","@id":"https:\/\/esatic.ci\/mot-du-dg\/","url":"https:\/\/esatic.ci\/mot-du-dg\/","name":"Message from the General Manager","isPartOf":{"@id":"https:\/\/esatic.ci\/#website"},"primaryImageOfPage":{"@id":"https:\/\/esatic.ci\/mot-du-dg\/#primaryimage"},"image":{"@id":"https:\/\/esatic.ci\/mot-du-dg\/#primaryimage"},"thumbnailUrl":"https:\/\/esatic.ci\/wp-content\/uploads\/2026\/02\/Directeur-General-de-ESATIC.jpg","datePublished":"2024-10-22T16:52:28+00:00","dateModified":"2026-03-18T13:38:52+00:00","breadcrumb":{"@id":"https:\/\/esatic.ci\/mot-du-dg\/#breadcrumb"},"inLanguage":"en-US","potentialAction":[{"@type":"ReadAction","target":["https:\/\/esatic.ci\/mot-du-dg\/"]}]},{"@type":"ImageObject","inLanguage":"en-US","@id":"https:\/\/esatic.ci\/mot-du-dg\/#primaryimage","url":"https:\/\/esatic.ci\/wp-content\/uploads\/2026\/02\/Directeur-General-de-ESATIC.jpg","contentUrl":"https:\/\/esatic.ci\/wp-content\/uploads\/2026\/02\/Directeur-General-de-ESATIC.jpg"},{"@type":"BreadcrumbList","@id":"https:\/\/esatic.ci\/mot-du-dg\/#breadcrumb","itemListElement":[{"@type":"ListItem","position":1,"name":"Accueil","item":"https:\/\/esatic.ci\/"},{"@type":"ListItem","position":2,"name":"Mot du Directeur G\u00e9n\u00e9ral"}]},{"@type":"WebSite","@id":"https:\/\/esatic.ci\/#website","url":"https:\/\/esatic.ci\/","name":"ESATIC","description":"African College of Information and Communication Technologies","publisher":{"@id":"https:\/\/esatic.ci\/#organization"},"potentialAction":[{"@type":"SearchAction","target":{"@type":"EntryPoint","urlTemplate":"https:\/\/esatic.ci\/?s={search_term_string}"},"query-input":{"@type":"PropertyValueSpecification","valueRequired":true,"valueName":"search_term_string"}}],"inLanguage":"en-US"},{"@type":"Organization","@id":"https:\/\/esatic.ci\/#organization","name":"ESATIC","url":"https:\/\/esatic.ci\/","logo":{"@type":"ImageObject","inLanguage":"en-US","@id":"https:\/\/esatic.ci\/#\/schema\/logo\/image\/","url":"https:\/\/esatic.ci\/wp-content\/uploads\/2024\/10\/presentation_esatic.jpg","contentUrl":"https:\/\/esatic.ci\/wp-content\/uploads\/2024\/10\/presentation_esatic.jpg","width":1043,"height":418,"caption":"ESATIC"},"image":{"@id":"https:\/\/esatic.ci\/#\/schema\/logo\/image\/"},"sameAs":["https:\/\/www.facebook.com\/EsaticOfficielle\/?locale=fr_FR","https:\/\/www.linkedin.com\/school\/esaticofficielle"]}]}},"_links":{"self":[{"href":"https:\/\/esatic.ci\/en\/wp-json\/wp\/v2\/pages\/9015","targetHints":{"allow":["GET"]}}],"collection":[{"href":"https:\/\/esatic.ci\/en\/wp-json\/wp\/v2\/pages"}],"about":[{"href":"https:\/\/esatic.ci\/en\/wp-json\/wp\/v2\/types\/page"}],"author":[{"embeddable":true,"href":"https:\/\/esatic.ci\/en\/wp-json\/wp\/v2\/users\/1"}],"replies":[{"embeddable":true,"href":"https:\/\/esatic.ci\/en\/wp-json\/wp\/v2\/comments?post=9015"}],"version-history":[{"count":5,"href":"https:\/\/esatic.ci\/en\/wp-json\/wp\/v2\/pages\/9015\/revisions"}],"predecessor-version":[{"id":13933,"href":"https:\/\/esatic.ci\/en\/wp-json\/wp\/v2\/pages\/9015\/revisions\/13933"}],"wp:attachment":[{"href":"https:\/\/esatic.ci\/en\/wp-json\/wp\/v2\/media?parent=9015"}],"curies":[{"name":"wp","href":"https:\/\/api.w.org\/{rel}","templated":true}]}}